{"id":33,"date":"2020-11-29T22:48:19","date_gmt":"2020-11-29T22:48:19","guid":{"rendered":"https:\/\/paveldopita.cz\/?page_id=33"},"modified":"2025-07-05T18:52:01","modified_gmt":"2025-07-05T18:52:01","slug":"o-me","status":"publish","type":"page","link":"https:\/\/paveldopita.cz\/index.php\/o-me\/","title":{"rendered":"O mn\u011b"},"content":{"rendered":"\n<p><strong>Pavel Dopita<\/strong> (* <a href=\"https:\/\/cs.wikipedia.org\/wiki\/22._%C4%8Dervenec\">22. \u010dervence<\/a> <a href=\"https:\/\/cs.wikipedia.org\/wiki\/1964\">1964<\/a> <a href=\"https:\/\/cs.wikipedia.org\/wiki\/Prost%C4%9Bjov\">Prost\u011bjov<\/a>)<sup><a href=\"https:\/\/cs.wikipedia.org\/wiki\/Pavel_Dopita#cite_note-:0-1\">[1]<\/a><\/sup> je \u010desk\u00fd politik, pedagog a sportovec, od roku 2018 zastupitel m\u011bsta <a href=\"https:\/\/cs.wikipedia.org\/wiki\/Prost%C4%9Bjov\">Prost\u011bjov<\/a>,<sup><a href=\"https:\/\/cs.wikipedia.org\/wiki\/Pavel_Dopita#cite_note-2\">[2]<\/a><\/sup> \u010dlen hnut\u00ed <a href=\"https:\/\/cs.wikipedia.org\/wiki\/Svoboda_a_p%C5%99%C3%ADm%C3%A1_demokracie\">SPD<\/a>.<\/p>\n\n\n\n<h2 id=\"Osobn\u00ed_\u017eivot_a_vzd\u011bl\u00e1n\u00ed\">Osobn\u00ed \u017eivot a vzd\u011bl\u00e1n\u00ed<\/h2>\n\n\n\n<p>Vystudoval obor automatizovan\u00e9 syst\u00e9my \u0159\u00edzen\u00ed na <a href=\"https:\/\/cs.wikipedia.org\/wiki\/Vysok%C3%A9_u%C4%8Den%C3%AD_technick%C3%A9_v_Brn%C4%9B\">Vysok\u00e9m u\u010den\u00ed technick\u00e9m v Brn\u011b<\/a> (z\u00edskal titul <a href=\"https:\/\/cs.wikipedia.org\/wiki\/In%C5%BEen%C3%BDr\">Ing.<\/a>). Pozd\u011bji je\u0161t\u011b absolvoval obor general management na CMU Brussel (z\u00edskal titul <a href=\"https:\/\/cs.wikipedia.org\/wiki\/MBA\">MBA<\/a>) a tak\u00e9 obor komer\u010dn\u00ed pr\u00e1vo na <a href=\"https:\/\/cs.wikipedia.org\/wiki\/Akademie_Huspol\">Evropsk\u00e9m polytechnick\u00e9m institutu<\/a> (z\u00edskal titul <a href=\"https:\/\/cs.wikipedia.org\/wiki\/LL.M.\">LL.M.<\/a>). Na Evropsk\u00e9m polytechnick\u00e9m institutu absolvoval tak\u00e9 kurz pedagogiky pro u\u010ditele odborn\u00fdch p\u0159edm\u011bt\u016f na st\u0159edn\u00ed \u0161kole.<sup><a href=\"https:\/\/cs.wikipedia.org\/wiki\/Pavel_Dopita#cite_note-:0-1\">[1]<\/a><\/sup><\/p>\n\n\n\n<p>Pracovn\u00ed kari\u00e9ru za\u010d\u00ednal v letech 1987 a\u017e 1992 jako vedouc\u00ed VT v Mechanice Prost\u011bjov, od roku 1992 zast\u00e1v\u00e1 r\u016fzn\u00e9 <a href=\"https:\/\/cs.wikipedia.org\/wiki\/Informa%C4%8Dn%C3%AD_a_komunika%C4%8Dn%C3%AD_technologie\">ICT<\/a> pozice ve <a href=\"https:\/\/cs.wikipedia.org\/wiki\/V%C5%A1eobecn%C3%A1_zdravotn%C3%AD_poji%C5%A1%C5%A5ovna_%C4%8Cesk%C3%A9_republiky\">VZP \u010cR<\/a>. V letech 1990 a\u017e 1992 byl tak\u00e9 u\u010ditelem na Obchodn\u00ed akademii v Prost\u011bjov\u011b, od roku 2011 vyu\u010duje v oborech ICT a ekonomick\u00e1 informatika na Evropsk\u00e9m polytechnick\u00e9m institutu (dnes Akademie Huspol). P\u016fsobil tak\u00e9 jako u\u010ditel na Re\u00e1ln\u00e9m gymn\u00e1ziu v Kunovic\u00edch (2014 a\u017e 2018) a m\u011bl pravideln\u00e9 p\u0159edn\u00e1\u0161ky na Vysok\u00e9 \u0161kole obchodn\u00ed a hotelov\u00e9 v Brn\u011b (2014 a\u017e 2022).<sup><a href=\"https:\/\/cs.wikipedia.org\/wiki\/Pavel_Dopita#cite_note-:0-1\">[1]<\/a><\/sup><\/p>\n\n\n\n<p>Pavel Dopita \u017eije v Prost\u011bjov\u011b, m\u00edstn\u00ed \u010d\u00e1sti Vrahovice. Je \u017eenat\u00fd a m\u00e1 jedno d\u00edt\u011b.<sup><a href=\"https:\/\/cs.wikipedia.org\/wiki\/Pavel_Dopita#cite_note-:0-1\">[1]<\/a><\/sup><\/p>\n\n\n\n<h2 id=\"Politick\u00e9_p\u016fsoben\u00ed\">Politick\u00e9 p\u016fsoben\u00ed<\/h2>\n\n\n\n<p>V letech 2014 a\u017e 2016 byl \u010dlenem hnut\u00ed <a href=\"https:\/\/cs.wikipedia.org\/wiki\/ANO_2011\">ANO<\/a>, za kter\u00e9 ne\u00fasp\u011b\u0161n\u011b kandidoval v <a href=\"https:\/\/cs.wikipedia.org\/wiki\/Volby_do_zastupitelstev_obc%C3%AD_v_%C4%8Cesku_2014\">komun\u00e1ln\u00edch volb\u00e1ch v roce 2014<\/a> do prost\u011bjovsk\u00e9ho zastupitelstva.<sup><a href=\"https:\/\/cs.wikipedia.org\/wiki\/Pavel_Dopita#cite_note-3\">[3]<\/a><\/sup> Od roku 2018 je \u010dlenem hnut\u00ed <a href=\"https:\/\/cs.wikipedia.org\/wiki\/Svoboda_a_p%C5%99%C3%ADm%C3%A1_demokracie\">SPD<\/a>, kde od roku 2021 zast\u00e1v\u00e1 post p\u0159edsedy Oblastn\u00edho klubu SPD. V <a href=\"https:\/\/cs.wikipedia.org\/wiki\/Volby_do_zastupitelstev_obc%C3%AD_v_%C4%8Cesku_2018\">komun\u00e1ln\u00edch volb\u00e1ch v roce 2018<\/a> byl d\u00edky preferen\u010dn\u00edm hlas\u016fm zvolen jako \u010dlen SPD zastupitelem m\u011bsta <a href=\"https:\/\/cs.wikipedia.org\/wiki\/Prost%C4%9Bjov\">Prost\u011bjov<\/a>.<sup><a href=\"https:\/\/cs.wikipedia.org\/wiki\/Pavel_Dopita#cite_note-4\">[4]<\/a><\/sup><sup><a href=\"https:\/\/cs.wikipedia.org\/wiki\/Pavel_Dopita#cite_note-5\">[5]<\/a><\/sup> Ve <a href=\"https:\/\/cs.wikipedia.org\/wiki\/Volby_do_zastupitelstev_obc%C3%AD_v_%C4%8Cesku_2022\">volb\u00e1ch v roce 2022<\/a> mand\u00e1t zastupitele obh\u00e1jil, kdy byl l\u00eddrem prost\u011bjovsk\u00e9 kandid\u00e1tky SPD.<sup><a href=\"https:\/\/cs.wikipedia.org\/wiki\/Pavel_Dopita#cite_note-6\">[6]<\/a><\/sup><sup><a href=\"https:\/\/cs.wikipedia.org\/wiki\/Pavel_Dopita#cite_note-7\">[7]<\/a><\/sup><sup><a href=\"https:\/\/cs.wikipedia.org\/wiki\/Pavel_Dopita#cite_note-8\">[8]<\/a><\/sup><sup><a href=\"https:\/\/cs.wikipedia.org\/wiki\/Pavel_Dopita#cite_note-9\">[9]<\/a><\/sup> Od roku 2022 je p\u0159edsedou Komise pro bezpe\u010dnost a prevenci kriminality m\u011bsta Prost\u011bjova<sup><a href=\"https:\/\/cs.wikipedia.org\/wiki\/Pavel_Dopita#cite_note-10\">[10]<\/a><\/sup> a sou\u010dasn\u011b p\u0159edsedou Kontroln\u00edho v\u00fdboru p\u0159i Zastupitelstvu m\u011bsta Prost\u011bjova.<sup><a href=\"https:\/\/cs.wikipedia.org\/wiki\/Pavel_Dopita#cite_note-11\">[11]<\/a><\/sup> Byl u zrodu n\u011bkolika program\u016f s protidrogovou tematikou, je autorem projektu Bezpe\u010dn\u00fd Prost\u011bjov.<sup><a href=\"https:\/\/cs.wikipedia.org\/wiki\/Pavel_Dopita#cite_note-12\">[12]<\/a><\/sup> Od roku 2023 po\u0159\u00e1d\u00e1 v Prost\u011bjov\u011b pochody za m\u00edr a zalo\u017eil skupinu \u010cesk\u00e1 republika za m\u00edr.<sup><a href=\"https:\/\/cs.wikipedia.org\/wiki\/Pavel_Dopita#cite_note-13\">[13]<\/a><\/sup> Ve <a href=\"https:\/\/cs.wikipedia.org\/wiki\/Volby_do_Evropsk%C3%A9ho_parlamentu_v_%C4%8Cesku_2019\">volb\u00e1ch do Evropsk\u00e9ho parlamentu v roce 2019<\/a> kandidoval na 4. m\u00edst\u011b kandid\u00e1tky SPD, ale neusp\u011bl (skon\u010dil na 5. m\u00edst\u011b, tj. jako t\u0159et\u00ed n\u00e1hradn\u00edk).<sup><a href=\"https:\/\/cs.wikipedia.org\/wiki\/Pavel_Dopita#cite_note-14\">[14]<\/a><\/sup> Od roku 2020 je \u010dlenem Komise pro rozvoj ml\u00e1de\u017ee a sportu Olomouck\u00e9ho kraje.<\/p>\n\n\n\n<p>Ve <a href=\"https:\/\/cs.wikipedia.org\/wiki\/Volby_do_Sen%C3%A1tu_Parlamentu_%C4%8Cesk%C3%A9_republiky_2018\">volb\u00e1ch do Sen\u00e1tu P\u010cR v roce 2018<\/a> kandidoval jako \u010dlen hnut\u00ed SPD v <a href=\"https:\/\/cs.wikipedia.org\/wiki\/Sen%C3%A1tn%C3%AD_obvod_%C4%8D._62_%E2%80%93_Prost%C4%9Bjov\">obvodu \u010d. 62 \u2013 Prost\u011bjov<\/a>. Z\u00edskal 6,21&nbsp;% hlas\u016f, skon\u010dil na 8. m\u00edst\u011b a do druh\u00e9ho kola nepostoupil.<sup><a href=\"https:\/\/cs.wikipedia.org\/wiki\/Pavel_Dopita#cite_note-15\">[15]<\/a><\/sup> Ve <a href=\"https:\/\/cs.wikipedia.org\/wiki\/Volby_do_Sen%C3%A1tu_Parlamentu_%C4%8Cesk%C3%A9_republiky_2024\">volb\u00e1ch do Sen\u00e1tu P\u010cR v roce 2024<\/a> op\u011bt kandiduje v <a href=\"https:\/\/cs.wikipedia.org\/wiki\/Sen%C3%A1tn%C3%AD_obvod_%C4%8D._62_%E2%80%93_Prost%C4%9Bjov\">obvodu \u010d. 62 \u2013 Prost\u011bjov<\/a>, tentokr\u00e1t jako \u010dlen hnut\u00ed SPD za koalici \u201eSPD, <a href=\"https:\/\/cs.wikipedia.org\/wiki\/Trikolora_(politick%C3%A1_strana)\">Trikolora<\/a>\u201c.<sup><a href=\"https:\/\/cs.wikipedia.org\/wiki\/Pavel_Dopita#cite_note-16\">[16]<\/a><\/sup> Podporuj\u00ed jej tak\u00e9 hnut\u00ed <a href=\"https:\/\/cs.wikipedia.org\/wiki\/Pr%C3%A1vo_Respekt_Odbornost\">PRO 2022<\/a> a <a href=\"https:\/\/cs.wikipedia.org\/wiki\/Komunistick%C3%A1_strana_%C4%8Cech_a_Moravy\">KS\u010cM<\/a>.<sup><a href=\"https:\/\/cs.wikipedia.org\/wiki\/Pavel_Dopita#cite_note-17\">[17]<\/a><\/sup><\/p>\n\n\n\n<h2 id=\"Sport\">Sport<\/h2>\n\n\n\n<p>V letech 1978\u20131986 se \u00fa\u010dastnil krajsk\u00e9ho p\u0159eboru juda. V letech 1997\u20132002 byl \u0159editelem a aktivn\u00edm hr\u00e1\u010dem 2. volejbalov\u00e9 amat\u00e9rsk\u00e9 ligy v Prost\u011bjov\u011b.<sup><a href=\"https:\/\/cs.wikipedia.org\/wiki\/Pavel_Dopita#cite_note-18\">[18]<\/a><\/sup><\/p>\n\n\n\n<p>Mezy lety 2016 &#8211; 2018 se t\u0159ikr\u00e1t um\u00edstil na p\u00f3diu \u010desk\u00e9ho poh\u00e1ru zimn\u00edch b\u011bh\u016f &#8211; Innogy winter run.<sup><a href=\"https:\/\/cs.wikipedia.org\/wiki\/Pavel_Dopita#cite_note-19\">[19]<\/a><\/sup><sup><a href=\"https:\/\/cs.wikipedia.org\/wiki\/Pavel_Dopita#cite_note-20\">[20]<\/a><\/sup><sup><a href=\"https:\/\/cs.wikipedia.org\/wiki\/Pavel_Dopita#cite_note-21\">[21]<\/a><\/sup><\/p>\n\n\n\n<p>Na Mistrovstv\u00ed \u010cR ve st\u0159edn\u00edm triatlonu \u2013 Pilman 2017 se um\u00edstil na 14. m\u00edst\u011b v kategorii M50.<sup><a href=\"https:\/\/cs.wikipedia.org\/wiki\/Pavel_Dopita#cite_note-22\">[22]<\/a><\/sup> Od roku 2016 se \u00fa\u010dastn\u00ed extr\u00e9mn\u00edch p\u0159ek\u00e1\u017ekov\u00fdch z\u00e1vod\u016f <a href=\"https:\/\/cs.wikipedia.org\/wiki\/Spartan_race\">Spartan race<\/a> v kategorii AGE pod vlastn\u00ed zna\u010dkou \u201eSPARTAN P\u00c1JA\u201c.<sup><a href=\"https:\/\/cs.wikipedia.org\/wiki\/Pavel_Dopita#cite_note-23\">[23]<\/a><\/sup> V letech 2019 a 2021 se \u00fa\u010dastnil na ME Spartan race v italsk\u00e9m Alleghe a ve \u0161v\u00fdcarsk\u00e9m Verbier, 2022 MS v \u0159eck\u00e9 Spart\u011b.<sup><a href=\"https:\/\/cs.wikipedia.org\/wiki\/Pavel_Dopita#cite_note-24\">[24]<\/a><\/sup><sup><a href=\"https:\/\/cs.wikipedia.org\/wiki\/Pavel_Dopita#cite_note-25\">[25]<\/a><\/sup><sup><a href=\"https:\/\/cs.wikipedia.org\/wiki\/Pavel_Dopita#cite_note-26\">[26]<\/a><\/sup><\/p>\n\n\n\n<p>V roce 2019 vyhl\u00e1\u0161en sportovcem m\u011bsta Prost\u011bjova v kategorii Sportovn\u00ed hv\u011bzda Prost\u011bjovsk\u00fdch m\u00e9di\u00ed za sv\u00e9 v\u00fdsledky v p\u0159ek\u00e1\u017ekov\u00fdch z\u00e1vodech Spartan Race a propagaci tohoto sportu a workoutov\u00fdch h\u0159i\u0161\u0165 ve m\u011bst\u011b Prost\u011bjov.<sup><a href=\"https:\/\/cs.wikipedia.org\/wiki\/Pavel_Dopita#cite_note-27\">[27]<\/a><\/sup><sup><a href=\"https:\/\/cs.wikipedia.org\/wiki\/Pavel_Dopita#cite_note-28\">[28]<\/a><\/sup> V roce 2015 zalo\u017eil sportovn\u00ed akci Mikul\u00e1\u0161sk\u00fd b\u011bh R\u00e9pe\u0161\u00e1kem, kter\u00fd m\u011b\u0159\u00ed 21 km z Hamer na Kopaninku a zp\u011bt. Dnes se jedn\u00e1 ji\u017e o tradi\u010dn\u00ed zimn\u00ed b\u011bh v extr\u00e9mn\u00edch podm\u00ednk\u00e1ch.<sup><a href=\"https:\/\/cs.wikipedia.org\/wiki\/Pavel_Dopita#cite_note-29\">[29]<\/a><\/sup><\/p>\n\n\n\n<p>V roce 2024 z\u00edskal 2. m\u00edsto na \u0161ampion\u00e1tu Spartan race Slovinska na Bledu, 3. m\u00edsto na \u0161ampion\u00e1tu Spartan race Rakouska v St. P\u00f6ltenu, 3. m\u00edsto v Hradci nad Moravic\u00ed. D\u00e1le dv\u011b 4., jedno 5. a dv\u011b 6. m\u00edsta. Absolvoval a \u00fasp\u011b\u0161n\u011b dokon\u010dil v\u0161echny 3 trati arm\u00e1dn\u00edho z\u00e1vodu Spartan Honor ve VTS\u00da Z\u00e1horie na Slovensku.<sup><a href=\"https:\/\/cs.wikipedia.org\/wiki\/Pavel_Dopita#cite_note-30\">[30]<\/a><\/sup><\/p>\n\n\n\n<p>Jako p\u0159edseda spolku Na\u0161e Vrahovice z.s., po\u0159\u00e1d\u00e1 n\u011bkolik lok\u00e1ln\u00edch akc\u00ed, z nich\u017e nejv\u00fdznamn\u011bj\u0161\u00ed je od roku 2016 Vrahovick\u00fd bicykl a s p\u0159est\u00e1vkami Vrahovick\u00fd sil\u00e1k. Je propag\u00e1torem <a href=\"https:\/\/cs.wikipedia.org\/wiki\/Workout\">workoutov\u00fdch<\/a> h\u0159i\u0161\u0165 v Prost\u011bjov\u011b a p\u0159edsedou spolku Street workout Vrahovice.<sup><a href=\"https:\/\/cs.wikipedia.org\/wiki\/Pavel_Dopita#cite_note-31\">[31]<\/a><\/sup><sup><a href=\"https:\/\/cs.wikipedia.org\/wiki\/Pavel_Dopita#cite_note-32\">[32]<\/a><\/sup><\/p>\n\n\n\n<h2 id=\"Reference\">Reference<\/h2>\n\n\n\n<ol><li><em><a href=\"https:\/\/paveldopita.cz\/\">https:\/\/paveldopita.cz\/<\/a><\/em> [online]. [cit. 2024-08-05]. <a href=\"https:\/\/paveldopita.cz\/\">Dostupn\u00e9 online<\/a>. <\/li><li>Zastupitelstvo m\u011bsta &#8211; Prost\u011bjov. <em>www.prostejov.eu<\/em> [online]. [cit. 2024-08-05]. <a href=\"https:\/\/www.prostejov.eu\/cs\/samosprava\/zastupitelstvo-mesta-1\/\">Dostupn\u00e9 online<\/a>. <\/li><li><em>Volby do zastupitelstev obc\u00ed, Jmenn\u00e9 seznamy, V\u00fdb\u011br: v\u0161ichni platn\u00ed kandid\u00e1ti dle po\u0159. \u010d\u00edsla, Zastupitelstvo statut\u00e1rn\u00edho m\u011bsta, Kraj: Olomouck\u00fd kraj, Okres: Prost\u011bjov, Obec: Prost\u011bjov, Kandid\u00e1tn\u00ed listina: ANO 2011<\/em> [online]. \u010cesk\u00fd statistick\u00fd \u00fa\u0159ad, 2014 [cit. 2024-08-09]. <a href=\"https:\/\/www.volby.cz\/pls\/kv2014\/kv21111?xjazyk=CZ&amp;xid=0&amp;xv=12&amp;xdz=3&amp;xnumnuts=7103&amp;xobec=589250&amp;xstrana=768\">Dostupn\u00e9 online<\/a>. <\/li><li><em>Volby do zastupitelstev obc\u00ed, Jmenn\u00e9 seznamy, V\u00fdb\u011br: v\u0161ichni platn\u00ed kandid\u00e1ti dle po\u0159. \u010d\u00edsla, Zastupitelstvo statut\u00e1rn\u00edho m\u011bsta, Kraj: Olomouck\u00fd kraj, Okres: Prost\u011bjov, Obec: Prost\u011bjov, Kandid\u00e1tn\u00ed listina: Svob.a p\u0159.dem.-T.Okamura (SPD)<\/em> [online]. \u010cesk\u00fd statistick\u00fd \u00fa\u0159ad, 2018 [cit. 2024-08-09]. <a href=\"https:\/\/www.volby.cz\/pls\/kv2018\/kv21111?xjazyk=CZ&amp;xid=0&amp;xv=12&amp;xdz=3&amp;xnumnuts=7103&amp;xobec=589250&amp;xstrana=1114\">Dostupn\u00e9 online<\/a>. <\/li><li>Nov\u00e1 petice v Prost\u011bjov\u011b. Lid\u00e9 v n\u00ed odm\u00edtli ubytovnu ve Vrahovic\u00edch. <em>Prost\u011bjovsk\u00fd den\u00edk.cz<\/em> [online]. 2018-10-31 [cit. 2024-08-09]. <a href=\"https:\/\/prostejovsky.denik.cz\/zpravy_region\/nova-petice-v-prostejove-lide-v-ni-odmitli-ubytovnu-ve-vrahovicich-20181031.html\">Dostupn\u00e9 online<\/a>. <\/li><li>Bez Radimy Fialy, l\u00eddrem je Pavel Dopita. <em>Vecernikpv.cz<\/em> [online]. 2022-05-24 [cit. 2024-08-09]. <a href=\"https:\/\/www.vecernikpv.cz\/volby\/12584-bez-radimy-fialy-lidrem-je-pavel-dopita\">Dostupn\u00e9 online<\/a>. <\/li><li><em>Volby do zastupitelstev obc\u00ed, Jmenn\u00e9 seznamy, V\u00fdb\u011br: v\u0161ichni platn\u00ed kandid\u00e1ti dle po\u0159. \u010d\u00edsla, Zastupitelstvo statut\u00e1rn\u00edho m\u011bsta, Kraj: Olomouck\u00fd kraj, Okres: Prost\u011bjov, Obec: Prost\u011bjov, Kandid\u00e1tn\u00ed listina: Svoboda a p\u0159. demokracie (SPD)<\/em> [online]. \u010cesk\u00fd statistick\u00fd \u00fa\u0159ad, 2022 [cit. 2024-08-09]. <a href=\"https:\/\/www.volby.cz\/pls\/kv2022\/kv21111?xjazyk=CZ&amp;xid=0&amp;xv=12&amp;xdz=3&amp;xnumnuts=7103&amp;xobec=589250&amp;xstrana=1114\">Dostupn\u00e9 online<\/a>. <\/li><li>Sedm milion\u016f za synagogu je pro Prost\u011bjov p\u0159\u00edli\u0161, pam\u00e1tka bude d\u00e1l ch\u00e1trat. <em>iDNES.cz<\/em> [online]. 2023-02-28 [cit. 2024-08-09]. <a href=\"https:\/\/www.idnes.cz\/olomouc\/zpravy\/synagoga-bet-ha-midras-prostejov-penize-oprava.A230228_710937_olomouc-zpravy_hrs\">Dostupn\u00e9 online<\/a>. <\/li><li>Pavel Dopita: \u201eNa probl\u00e9my vrahovick\u00e9ho h\u0159bitova je pot\u0159eba nahl\u00ed\u017eet komplexn\u011b\u201c. <em>Vecernikpv.cz<\/em> [online]. 2022-10-25 [cit. 2024-08-09]. <a href=\"https:\/\/www.vecernikpv.cz\/rozhovory\/15957-pavel-dopita-na-problemy-vrahovickeho-hrbitova-je-potreba-nahlizet-komplexne\">Dostupn\u00e9 online<\/a>. <\/li><li>Komise pro bezpe\u010dnost a prevenci kriminality &#8211; Prost\u011bjov. <em>www.prostejov.eu<\/em> [online]. [cit. 2024-08-05]. <a href=\"https:\/\/www.prostejov.eu\/cs\/samosprava\/rada-mesta\/komise-rady-2022-2026\/komise-pro-bezpecnost-a-prevenci-kriminality.html\">Dostupn\u00e9 online<\/a>. <\/li><li>Kontroln\u00ed v\u00fdbor &#8211; Prost\u011bjov. <em>www.prostejov.eu<\/em> [online]. [cit. 2024-08-05]. <a href=\"https:\/\/www.prostejov.eu\/cs\/samosprava\/zastupitelstvo-mesta\/vybory-a-komise-zastupitelstva-2022-2026\/kontrolni-vybor.html\">Dostupn\u00e9 online<\/a>. <\/li><li>Facebook. <em>www.facebook.com<\/em> [online]. [cit. 2024-08-06]. <a href=\"https:\/\/www.facebook.com\/bezpecnyprostejov.cz\">Dostupn\u00e9 online<\/a>. <\/li><li><em>\u010cesk\u00e1 republika za m\u00edr<\/em> [online]. 2024-07-30 [cit. 2024-08-05]. <a href=\"https:\/\/paveldopita.cz\/index.php\/ceska-republika-za-mir\/\">Dostupn\u00e9 online<\/a>. <\/li><li><em>Volby do Evropsk\u00e9ho parlamentu konan\u00e9 na \u00fazem\u00ed \u010cesk\u00e9 republiky ve dnech 24.05. \u2013 25.05.2019<\/em> [online]. \u010cesk\u00fd statistick\u00fd \u00fa\u0159ad, 2019 [cit. 2024-08-09]. <a href=\"https:\/\/www.volby.cz\/pls\/ep2019\/ep2111?xjazyk=CZ&amp;xv=1&amp;xt=2&amp;xstrana=28\">Dostupn\u00e9 online<\/a>. <\/li><li><em>Volby do Sen\u00e1tu Parlamentu \u010cR konan\u00e9 dne 5.10. \u2013 6.10.2018<\/em> [online]. \u010cesk\u00fd statistick\u00fd \u00fa\u0159ad, 2018 [cit. 2024-08-09]. <a href=\"https:\/\/www.volby.cz\/pls\/senat\/se1111?xjazyk=CZ&amp;xdatum=20181005&amp;xobvod=62&amp;xv=1&amp;xt=2\">Dostupn\u00e9 online<\/a>. <\/li><li><em>Volby do Sen\u00e1tu Parlamentu \u010cR konan\u00e9 dne 20.9. \u2013 21.9.2024, Jmenn\u00e9 seznamy a p\u0159ehledy, Obvod: 62 \u2013 Prost\u011bjov, V\u00fdb\u011br: v\u0161ichni platn\u00ed kandid\u00e1ti dle \u010d\u00edsla<\/em> [online]. \u010cesk\u00fd statistick\u00fd \u00fa\u0159ad, 2024 [cit. 2024-08-09]. <a href=\"https:\/\/www.volby.cz\/pls\/senat\/se1111?xjazyk=CZ&amp;xdatum=20240920&amp;xobvod=62&amp;xv=1&amp;xt=2\">Dostupn\u00e9 online<\/a>. <\/li><li>ZN\u00c1ME prvn\u00ed kandid\u00e1ty DO SEN\u00c1TU!. <em>Vecernikpv.cz<\/em> [online]. 2024-02-11 [cit. 2024-08-09]. <a href=\"https:\/\/www.vecernikpv.cz\/zpravodajstvi\/24237-zname-prvni-kandidaty-do-senatu\">Dostupn\u00e9 online<\/a>. <\/li><li>volejbalova liga. <em>volejbal.dopita.cz<\/em> [online]. [cit. 2024-09-01]. <a href=\"http:\/\/volejbal.dopita.cz\/\">Dostupn\u00e9 online<\/a>. <\/li><li>Innogy WINTER RUN v Ostrav\u011b se z\u00fa\u010dastnili i prost\u011bjov\u0161t\u00ed b\u011b\u017eci! | Prost\u011bjovsk\u00e9 novinky. <em>pvnovinky.cz<\/em> [online]. [cit. 2024-09-01]. <a href=\"https:\/\/pvnovinky.cz\/martina-soldanova\/36470-innogy-winter-run-v-ostrave-se-zucastnili-i-prostejovsti-bezci\">Dostupn\u00e9 online<\/a>. <\/li><li>V\u00fdsledky &#8211; Sportbase V\u00fdsledky. <em>www.sport-base.cz<\/em> [online]. [cit. 2024-09-01]. <a href=\"https:\/\/www.sport-base.cz\/vysledky\/2017\/z-wr-ostrava-17?flt%5Bpohl%5D=&amp;flt%5Bkat%5D=&amp;flt%5Bprijm%5D=dopita&amp;flt%5Bsc%5D=&amp;doshow=1\">Dostupn\u00e9 online<\/a>. <\/li><li>V\u00fdsledky &#8211; Sportbase V\u00fdsledky. <em>www.sport-base.cz<\/em> [online]. [cit. 2024-09-01]. <a href=\"https:\/\/www.sport-base.cz\/vysledky\/2017\/z-wr-brno-17?flt%5Bpohl%5D=&amp;flt%5Bkat%5D=&amp;flt%5Bprijm%5D=Dopita&amp;flt%5Bsc%5D=&amp;doshow=1\">Dostupn\u00e9 online<\/a>. <\/li><li>Czech Triathlon System. LapResultExtendeds. <em>cts.triatlon.cz<\/em> [online]. [cit. 2024-09-01]. <a href=\"https:\/\/cts.triatlon.cz\/LapResultExtended\/RaceResult?type=ByAge&amp;ageCategory=103&amp;race=3334&amp;gender=M&amp;raceTrack=6160\">Dostupn\u00e9 online<\/a>. <\/li><li>Prost\u011bjovan hv\u011bzdou na Slovensku: &#8222;\u0161kared\u00fd d\u011bdek&#8220; trumfl modelky. <em>Prost\u011bjovsk\u00fd den\u00edk.cz<\/em> [online]. 2022-11-11 [cit. 2024-08-09]. <a href=\"https:\/\/prostejovsky.denik.cz\/zpravy_region\/spartan-race-pavel-dopita-prostejov.html\">Dostupn\u00e9 online<\/a>. <\/li><li><em>Sparta Trifecta World Championship 2022<\/em> [online]. [cit. 2024-09-01]. <a href=\"https:\/\/my.raceresult.com\/224319\/#0_CFA23E\">Dostupn\u00e9 online<\/a>. <\/li><li>Spartan Race European Championship. <em>Physiotherapie &amp; Personal Training Z\u00fcrich<\/em> [online]. [cit. 2024-09-01]. <a href=\"https:\/\/www.ck-training.ch\/ocr\/spartan-race-ec-results\/\">Dostupn\u00e9 online<\/a>. (n\u011bmecky) <\/li><li>SPORTS, MaxFun. Ergebnisse Spartan &#8211; Verbier 17. bis 19.09.21 &#8211; Spartan Beast European Championship Age Group &#8211; MaxFun Sports &#8211; #1 Laufsportplattform in \u00d6sterreich. <em>MaxFun Sports \u2013 #1 Laufsportplattform in \u00d6sterreich<\/em> [online]. [cit. 2024-09-01]. <a href=\"https:\/\/www.maxfunsports.com\/result\/competition?ResultSearch%5Brace_number%5D=&amp;ResultSearch%5Bfirst_name%5D=&amp;ResultSearch%5Blast_name%5D=Dopita&amp;ResultSearch%5Bnation%5D=&amp;ResultSearch%5BclubTeam%5D=&amp;ResultSearch%5Bcategory%5D=&amp;id=3301\">Dostupn\u00e9 online<\/a>. (n\u011bmecky)<\/li><li>AKTUALIZOV\u00c1NO: Anketa sportovec m\u011bsta Prost\u011bjova 2019 zn\u00e1 v\u00edt\u011bze! &#8211; Prost\u011bjovsk\u00fd Ve\u010dern\u00edk. <em>stary.vecernikpv.cz<\/em> [online]. [cit. 2024-09-01]. <a href=\"https:\/\/stary.vecernikpv.cz\/sport\/37961-anketa-sportovec-mesta-prostejova-2019-zna-viteze\">Dostupn\u00e9 online<\/a>. <\/li><li>Fotogalerie: Sportovec m\u011bsta za rok 2019 &#8211; Prost\u011bjov. <em>www.prostejov.eu<\/em> [online]. [cit. 2024-09-01]. <a href=\"https:\/\/www.prostejov.eu\/cs\/aktuality-archiv\/fotogalerie-sportovec-mesta-za-rok-2019.html\">Dostupn\u00e9 online<\/a>. <\/li><li>VYSLOU\u017dIL, Zden\u011bk. Zasn\u011b\u017een\u00fd Repe\u0161\u00e1k zdolali jen ti nejdrsn\u011bj\u0161\u00ed. P\u011btici otu\u017eilc\u016f proh\u00e1n\u011bl i pes. <em>Den\u00edk.cz<\/em>. 2021-12-05. <a href=\"https:\/\/www.denik.cz\/regiony\/repesak-zdolali-jen-ti-nejdrsnejsi-petici-otuzilcu-delal-spolecnost-pes.html\">Dostupn\u00e9 online<\/a> [cit. 2024-09-01]. <\/li><li><em>Trifecta Weekend Finishers<\/em> [online]. [cit. 2024-09-01]. <a href=\"https:\/\/results.onlinesystem.cz\/upload\/2024\/2989\/Trifecta%20Weekend%20Finishers.pdf?v=133590219682000000\">Dostupn\u00e9 online<\/a>. <\/li><li>Zasn\u011b\u017een\u00fd Repe\u0161\u00e1k zdolali jen ti nejdrsn\u011bj\u0161\u00ed. P\u011btici otu\u017eilc\u016f proh\u00e1n\u011bl i pes. <em>Prost\u011bjovsk\u00fd den\u00edk.cz<\/em> [online]. 2021-12-05 [cit. 2024-08-09]. <a href=\"https:\/\/prostejovsky.denik.cz\/zpravy_region\/repesak-zdolali-jen-ti-nejdrsnejsi-petici-otuzilcu-delal-spolecnost-pes.html\">Dostupn\u00e9 online<\/a>.<\/li><li>\u201eSport je nejlep\u0161\u00ed diplomat, kter\u00fd spojuje n\u00e1rody,\u201c mysl\u00ed Pavel Dopita. <em>Vecernikpv.cz<\/em> [online]. 2024-07-22 [cit. 2024-08-09]. <a href=\"https:\/\/www.vecernikpv.cz\/rozhovory\/5804-sport-je-nejlepsi-diplomat-ktery-spojuje-narody-mysli-pavel-dopita\">Dostupn\u00e9 online<\/a>.<\/li><\/ol>\n\n\n\n<h4 id=\"Extern\u00ed_odkazy\">Extern\u00ed odkazy<\/h4>\n\n\n\n<ul><li><a href=\"https:\/\/www.paveldopita.cz\">Ofici\u00e1ln\u00ed str\u00e1nky Pavla Dopity<\/a><\/li><li><a href=\"https:\/\/www.spartanpaja.cz\">Ofici\u00e1ln\u00ed str\u00e1nky Spartan P\u00e1ja<\/a><\/li><li><a href=\"https:\/\/www.nasevrahovice.cz\">Ofici\u00e1ln\u00ed str\u00e1nky Na\u0161e Vrahovice z.s.<\/a><\/li><\/ul>\n","protected":false},"excerpt":{"rendered":"<p>Pavel Dopita (* 22. \u010dervence 1964 Prost\u011bjov)[1] je \u010desk\u00fd politik, pedagog a sportovec, od roku 2018 zastupitel m\u011bsta Prost\u011bjov,[2] \u010dlen&hellip; <a class=\"read-more\" href=\"https:\/\/paveldopita.cz\/index.php\/o-me\/\">Pokra\u010dovat ve \u010dten\u00ed<\/a><\/p>\n","protected":false},"author":1,"featured_media":0,"parent":0,"menu_order":0,"comment_status":"closed","ping_status":"closed","template":"","meta":[],"_links":{"self":[{"href":"https:\/\/paveldopita.cz\/index.php\/wp-json\/wp\/v2\/pages\/33"}],"collection":[{"href":"https:\/\/paveldopita.cz\/index.php\/wp-json\/wp\/v2\/pages"}],"about":[{"href":"https:\/\/paveldopita.cz\/index.php\/wp-json\/wp\/v2\/types\/page"}],"author":[{"embeddable":true,"href":"https:\/\/paveldopita.cz\/index.php\/wp-json\/wp\/v2\/users\/1"}],"replies":[{"embeddable":true,"href":"https:\/\/paveldopita.cz\/index.php\/wp-json\/wp\/v2\/comments?post=33"}],"version-history":[{"count":10,"href":"https:\/\/paveldopita.cz\/index.php\/wp-json\/wp\/v2\/pages\/33\/revisions"}],"predecessor-version":[{"id":909,"href":"https:\/\/paveldopita.cz\/index.php\/wp-json\/wp\/v2\/pages\/33\/revisions\/909"}],"wp:attachment":[{"href":"https:\/\/paveldopita.cz\/index.php\/wp-json\/wp\/v2\/media?parent=33"}],"curies":[{"name":"wp","href":"https:\/\/api.w.org\/{rel}","templated":true}]}}